{"id":6,"date":"2020-10-10T18:16:03","date_gmt":"2020-10-10T16:16:03","guid":{"rendered":"http:\/\/nlp-inbewegung.com\/?page_id=6"},"modified":"2023-05-22T17:29:34","modified_gmt":"2023-05-22T15:29:34","slug":"portrait","status":"publish","type":"page","link":"https:\/\/aheyer.de\/?page_id=6","title":{"rendered":"Portrait"},"content":{"rendered":"\t\t<div data-elementor-type=\"wp-page\" data-elementor-id=\"6\" class=\"elementor elementor-6\">\n\t\t\t\t\t\t<section class=\"elementor-section elementor-top-section elementor-element elementor-element-f399e59 elementor-section-boxed elementor-section-height-default elementor-section-height-default\" data-id=\"f399e59\" data-element_type=\"section\" data-e-type=\"section\">\n\t\t\t\t\t\t<div class=\"elementor-container elementor-column-gap-default\">\n\t\t\t\t\t<div class=\"elementor-column elementor-col-100 elementor-top-column elementor-element elementor-element-6c98f19\" data-id=\"6c98f19\" data-element_type=\"column\" data-e-type=\"column\">\n\t\t\t<div class=\"elementor-widget-wrap elementor-element-populated\">\n\t\t\t\t\t\t<div class=\"elementor-element elementor-element-1dcb0f0 elementor-widget elementor-widget-image\" data-id=\"1dcb0f0\" data-element_type=\"widget\" data-e-type=\"widget\" data-widget_type=\"image.default\">\n\t\t\t\t<div class=\"elementor-widget-container\">\n\t\t\t\t\t\t\t\t\t\t\t\t\t\t\t<img fetchpriority=\"high\" decoding=\"async\" width=\"210\" height=\"300\" src=\"https:\/\/aheyer.de\/wp-content\/uploads\/IMG_20201001_055909-210x300.jpg\" class=\"attachment-medium size-medium wp-image-523\" alt=\"\" srcset=\"https:\/\/aheyer.de\/wp-content\/uploads\/IMG_20201001_055909-210x300.jpg 210w, https:\/\/aheyer.de\/wp-content\/uploads\/IMG_20201001_055909-718x1024.jpg 718w, https:\/\/aheyer.de\/wp-content\/uploads\/IMG_20201001_055909-768x1096.jpg 768w, https:\/\/aheyer.de\/wp-content\/uploads\/IMG_20201001_055909-1077x1536.jpg 1077w, https:\/\/aheyer.de\/wp-content\/uploads\/IMG_20201001_055909-1436x2048.jpg 1436w, https:\/\/aheyer.de\/wp-content\/uploads\/IMG_20201001_055909-1200x1712.jpg 1200w, https:\/\/aheyer.de\/wp-content\/uploads\/IMG_20201001_055909-scaled.jpg 1795w\" sizes=\"(max-width: 210px) 85vw, 210px\" \/>\t\t\t\t\t\t\t\t\t\t\t\t\t\t\t<\/div>\n\t\t\t\t<\/div>\n\t\t\t\t<div class=\"elementor-element elementor-element-42f9a63 elementor-widget elementor-widget-text-editor\" data-id=\"42f9a63\" data-element_type=\"widget\" data-e-type=\"widget\" data-widget_type=\"text-editor.default\">\n\t\t\t\t<div class=\"elementor-widget-container\">\n\t\t\t\t\t\t\t\t\t<p><strong>Profil Anita Heyer<\/strong><\/p><p><span style=\"color: #000000;\">Anita Heyer, Studium der Sprachwissenschaften, Autorin, Uni-Dozentin, Lehrtrainerin und Lehrcoach DVNLP, international zertifizierte Mediationstrainerin (D.A.C.H.), Schwerpunkte: F\u00fchrungskr\u00e4fte und Teamcoaching sowie Ausbildungen in Kommunikations-Psychologie und Neurosystemischer Organisationsberatung bei Dr. Gunther Schmidt.<\/span><br \/><span style=\"color: #000000;\">Leitet das Kompetenzzentrum f\u00fcr l\u00f6sungsfokussierte Prozesse in Bad Homburg.<\/span><\/p>\t\t\t\t\t\t\t\t<\/div>\n\t\t\t\t<\/div>\n\t\t\t\t\t<\/div>\n\t\t<\/div>\n\t\t\t\t\t<\/div>\n\t\t<\/section>\n\t\t\t\t<section class=\"elementor-section elementor-top-section elementor-element elementor-element-a75521d elementor-section-boxed elementor-section-height-default elementor-section-height-default\" data-id=\"a75521d\" data-element_type=\"section\" data-e-type=\"section\">\n\t\t\t\t\t\t<div class=\"elementor-container elementor-column-gap-default\">\n\t\t\t\t\t<div class=\"elementor-column elementor-col-100 elementor-top-column elementor-element elementor-element-8476585\" data-id=\"8476585\" data-element_type=\"column\" data-e-type=\"column\">\n\t\t\t<div class=\"elementor-widget-wrap elementor-element-populated\">\n\t\t\t\t\t\t<div class=\"elementor-element elementor-element-470aa0c elementor-invisible elementor-widget elementor-widget-image\" data-id=\"470aa0c\" data-element_type=\"widget\" data-e-type=\"widget\" data-settings=\"{&quot;_animation&quot;:&quot;zoomIn&quot;}\" data-widget_type=\"image.default\">\n\t\t\t\t<div class=\"elementor-widget-container\">\n\t\t\t\t\t\t\t\t\t\t\t\t\t\t\t<img decoding=\"async\" width=\"188\" height=\"300\" src=\"https:\/\/aheyer.de\/wp-content\/uploads\/Bild1-188x300.jpg\" class=\"attachment-medium size-medium wp-image-888\" alt=\"\" srcset=\"https:\/\/aheyer.de\/wp-content\/uploads\/Bild1-188x300.jpg 188w, https:\/\/aheyer.de\/wp-content\/uploads\/Bild1.jpg 238w\" sizes=\"(max-width: 188px) 85vw, 188px\" \/>\t\t\t\t\t\t\t\t\t\t\t\t\t\t\t<\/div>\n\t\t\t\t<\/div>\n\t\t\t\t<div class=\"elementor-element elementor-element-31bf9e2 elementor-widget elementor-widget-text-editor\" data-id=\"31bf9e2\" data-element_type=\"widget\" data-e-type=\"widget\" data-widget_type=\"text-editor.default\">\n\t\t\t\t<div class=\"elementor-widget-container\">\n\t\t\t\t\t\t\t\t\t<p style=\"text-align: left;\"><strong>Profil Andreas Heyer<\/strong><\/p><p>Gesch\u00e4ftsleitung \u201eKompetenzzentrum f\u00fcr L\u00f6sungsfokussierte Prozesse\u201c, Lehrtrainer DVNLP, Lehrcoach DVNLP, Lehrmediator DVNLP. <span style=\"color: var( --e-global-color-text ); font-family: var( --e-global-typography-text-font-family ); font-weight: var( --e-global-typography-text-font-weight ); font-size: 1rem;\">Seit 1993 Trainer, Coach und Ausbilder.\u00a0<\/span><span style=\"color: var( --e-global-color-text ); font-family: var( --e-global-typography-text-font-family ); font-weight: var( --e-global-typography-text-font-weight ); font-size: 1rem;\">Schwerpunkte der T\u00e4tigkeit: Vermittlungscoaching, NLP-Ausbildungen, Seminar-Konzeptentwicklung.<\/span><\/p>\t\t\t\t\t\t\t\t<\/div>\n\t\t\t\t<\/div>\n\t\t\t\t\t<\/div>\n\t\t<\/div>\n\t\t\t\t\t<\/div>\n\t\t<\/section>\n\t\t\t\t<\/div>\n\t\t","protected":false},"excerpt":{"rendered":"<p>Profil Anita Heyer Anita Heyer, Studium der Sprachwissenschaften, Autorin, Uni-Dozentin, Lehrtrainerin und Lehrcoach DVNLP, international zertifizierte Mediationstrainerin (D.A.C.H.), Schwerpunkte: F\u00fchrungskr\u00e4fte und Teamcoaching sowie Ausbildungen in Kommunikations-Psychologie und Neurosystemischer Organisationsberatung bei Dr. Gunther Schmidt.Leitet das Kompetenzzentrum f\u00fcr l\u00f6sungsfokussierte Prozesse in Bad Homburg. Profil Andreas Heyer Gesch\u00e4ftsleitung \u201eKompetenzzentrum f\u00fcr L\u00f6sungsfokussierte Prozesse\u201c, Lehrtrainer DVNLP, Lehrcoach DVNLP, Lehrmediator DVNLP. &hellip; <a href=\"https:\/\/aheyer.de\/?page_id=6\" class=\"more-link\"><span class=\"screen-reader-text\">&#8222;Portrait&#8220; <\/span>weiterlesen<\/a><\/p>\n","protected":false},"author":2,"featured_media":0,"parent":0,"menu_order":0,"comment_status":"closed","ping_status":"closed","template":"","meta":{"footnotes":""},"class_list":["post-6","page","type-page","status-publish","hentry"],"_links":{"self":[{"href":"https:\/\/aheyer.de\/index.php?rest_route=\/wp\/v2\/pages\/6","targetHints":{"allow":["GET"]}}],"collection":[{"href":"https:\/\/aheyer.de\/index.php?rest_route=\/wp\/v2\/pages"}],"about":[{"href":"https:\/\/aheyer.de\/index.php?rest_route=\/wp\/v2\/types\/page"}],"author":[{"embeddable":true,"href":"https:\/\/aheyer.de\/index.php?rest_route=\/wp\/v2\/users\/2"}],"replies":[{"embeddable":true,"href":"https:\/\/aheyer.de\/index.php?rest_route=%2Fwp%2Fv2%2Fcomments&post=6"}],"version-history":[{"count":35,"href":"https:\/\/aheyer.de\/index.php?rest_route=\/wp\/v2\/pages\/6\/revisions"}],"predecessor-version":[{"id":974,"href":"https:\/\/aheyer.de\/index.php?rest_route=\/wp\/v2\/pages\/6\/revisions\/974"}],"wp:attachment":[{"href":"https:\/\/aheyer.de\/index.php?rest_route=%2Fwp%2Fv2%2Fmedia&parent=6"}],"curies":[{"name":"wp","href":"https:\/\/api.w.org\/{rel}","templated":true}]}}